{"id":1415,"date":"2022-09-02T07:54:24","date_gmt":"2022-09-02T07:54:24","guid":{"rendered":"https:\/\/ekoelprom.pl\/?post_type=projekty&#038;p=1415"},"modified":"2024-10-08T15:11:42","modified_gmt":"2024-10-08T15:11:42","slug":"rozbudowa-zakladu-man-niepolomice","status":"publish","type":"projekty","link":"https:\/\/ekoelprom.pl\/en\/projekty\/rozbudowa-zakladu-man-niepolomice\/","title":{"rendered":"Rozbudowa Zak\u0142adu MAN Niepo\u0142omice"},"content":{"rendered":"<p>Projekt rozbudowy zak\u0142adu MAN w Niepo\u0142omicach obejmowa\u0142 szeroki zakres prac zwi\u0105zanych z infrastruktur\u0105 energetyczn\u0105. W ramach realizacji stworzono projekt przy\u0142\u0105czy \u015bredniego napi\u0119cia (SN), sieci energetycznych SN oraz niskiego napi\u0119cia (nn), a tak\u017ce o\u015bwietlenia terenu zak\u0142adu. Ponadto, zaprojektowano nowe stacje transformatorowe oraz przebudowano istniej\u0105c\u0105 sie\u0107 telekomunikacyjn\u0105, dostosowuj\u0105c j\u0105 do potrzeb rozbudowywanego zak\u0142adu. Projekt k\u0142ad\u0142 szczeg\u00f3lny nacisk na zapewnienie stabilnego zasilania oraz efektywnej komunikacji wewn\u0119trznej, zgodnie z wymaganiami nowoczesnych obiekt\u00f3w przemys\u0142owych.<\/p>\n","protected":false},"featured_media":1417,"template":"","podgrupy-realizacji":[7,11],"class_list":["post-1415","projekty","type-projekty","status-publish","has-post-thumbnail","hentry","podgrupy-realizacji-infrastruktura","podgrupy-realizacji-przemyslowe"],"yoast_head":"<!-- This site is optimized with the Yoast SEO plugin v27.2 - https:\/\/yoast.com\/product\/yoast-seo-wordpress\/ -->\n<title>Rozbudowa Zak\u0142adu MAN Niepo\u0142omice - EkoElprom<\/title>\n<meta name=\"description\" content=\"Projekt przy\u0142aczy SN, projekt sieci energetycznych SN, nn, o\u015bwietlenia oraz stacji transformatorowych oraz przebudowa sieci telekomunikatcjnych\" \/>\n<meta name=\"robots\" content=\"index, follow, max-snippet:-1, max-image-preview:large, max-video-preview:-1\" \/>\n<link rel=\"canonical\" href=\"https:\/\/ekoelprom.pl\/projekty\/rozbudowa-zakladu-man-niepolomice\/\" \/>\n<meta property=\"og:locale\" content=\"en_US\" \/>\n<meta property=\"og:type\" content=\"article\" \/>\n<meta property=\"og:title\" content=\"Rozbudowa Zak\u0142adu MAN Niepo\u0142omice - EkoElprom\" \/>\n<meta property=\"og:description\" content=\"Projekt przy\u0142aczy SN, projekt sieci energetycznych SN, nn, o\u015bwietlenia oraz stacji transformatorowych oraz przebudowa sieci telekomunikatcjnych\" \/>\n<meta property=\"og:url\" content=\"https:\/\/ekoelprom.pl\/projekty\/rozbudowa-zakladu-man-niepolomice\/\" \/>\n<meta property=\"og:site_name\" content=\"EkoElprom\" \/>\n<meta property=\"article:modified_time\" content=\"2024-10-08T15:11:42+00:00\" \/>\n<meta property=\"og:image\" content=\"https:\/\/ekoelprom.pl\/wp-content\/uploads\/2022\/09\/MAN_1.jpg\" \/>\n\t<meta property=\"og:image:width\" content=\"925\" \/>\n\t<meta property=\"og:image:height\" content=\"715\" \/>\n\t<meta property=\"og:image:type\" content=\"image\/jpeg\" \/>\n<meta name=\"twitter:card\" content=\"summary_large_image\" \/>\n<meta name=\"twitter:label1\" content=\"Est. reading time\" \/>\n\t<meta name=\"twitter:data1\" content=\"1 minute\" \/>\n<script type=\"application\/ld+json\" class=\"yoast-schema-graph\">{\"@context\":\"https:\/\/schema.org\",\"@graph\":[{\"@type\":\"WebPage\",\"@id\":\"https:\/\/ekoelprom.pl\/projekty\/rozbudowa-zakladu-man-niepolomice\/\",\"url\":\"https:\/\/ekoelprom.pl\/projekty\/rozbudowa-zakladu-man-niepolomice\/\",\"name\":\"Rozbudowa Zak\u0142adu MAN Niepo\u0142omice - EkoElprom\",\"isPartOf\":{\"@id\":\"https:\/\/ekoelprom.pl\/#website\"},\"primaryImageOfPage\":{\"@id\":\"https:\/\/ekoelprom.pl\/projekty\/rozbudowa-zakladu-man-niepolomice\/#primaryimage\"},\"image\":{\"@id\":\"https:\/\/ekoelprom.pl\/projekty\/rozbudowa-zakladu-man-niepolomice\/#primaryimage\"},\"thumbnailUrl\":\"https:\/\/ekoelprom.pl\/wp-content\/uploads\/2022\/09\/MAN_1.jpg\",\"datePublished\":\"2022-09-02T07:54:24+00:00\",\"dateModified\":\"2024-10-08T15:11:42+00:00\",\"description\":\"Projekt przy\u0142aczy SN, projekt sieci energetycznych SN, nn, o\u015bwietlenia oraz stacji transformatorowych oraz przebudowa sieci telekomunikatcjnych\",\"breadcrumb\":{\"@id\":\"https:\/\/ekoelprom.pl\/projekty\/rozbudowa-zakladu-man-niepolomice\/#breadcrumb\"},\"inLanguage\":\"en-US\",\"potentialAction\":[{\"@type\":\"ReadAction\",\"target\":[\"https:\/\/ekoelprom.pl\/projekty\/rozbudowa-zakladu-man-niepolomice\/\"]}]},{\"@type\":\"ImageObject\",\"inLanguage\":\"en-US\",\"@id\":\"https:\/\/ekoelprom.pl\/projekty\/rozbudowa-zakladu-man-niepolomice\/#primaryimage\",\"url\":\"https:\/\/ekoelprom.pl\/wp-content\/uploads\/2022\/09\/MAN_1.jpg\",\"contentUrl\":\"https:\/\/ekoelprom.pl\/wp-content\/uploads\/2022\/09\/MAN_1.jpg\",\"width\":925,\"height\":715,\"caption\":\"zdj\u0119cie pogl\u0105dowe\"},{\"@type\":\"BreadcrumbList\",\"@id\":\"https:\/\/ekoelprom.pl\/projekty\/rozbudowa-zakladu-man-niepolomice\/#breadcrumb\",\"itemListElement\":[{\"@type\":\"ListItem\",\"position\":1,\"name\":\"Strona g\u0142\u00f3wna\",\"item\":\"https:\/\/ekoelprom.pl\/en\/\"},{\"@type\":\"ListItem\",\"position\":2,\"name\":\"Projekty\",\"item\":\"https:\/\/ekoelprom.pl\/projekty\/\"},{\"@type\":\"ListItem\",\"position\":3,\"name\":\"Rozbudowa Zak\u0142adu MAN Niepo\u0142omice\"}]},{\"@type\":\"WebSite\",\"@id\":\"https:\/\/ekoelprom.pl\/#website\",\"url\":\"https:\/\/ekoelprom.pl\/\",\"name\":\"EkoElprom\",\"description\":\"Instalacje elektryczne, projekty niskopr\u0105dowe, serwerowni, automatyki BMS Krak\u00f3w\",\"publisher\":{\"@id\":\"https:\/\/ekoelprom.pl\/#organization\"},\"potentialAction\":[{\"@type\":\"SearchAction\",\"target\":{\"@type\":\"EntryPoint\",\"urlTemplate\":\"https:\/\/ekoelprom.pl\/?s={search_term_string}\"},\"query-input\":{\"@type\":\"PropertyValueSpecification\",\"valueRequired\":true,\"valueName\":\"search_term_string\"}}],\"inLanguage\":\"en-US\"},{\"@type\":\"Organization\",\"@id\":\"https:\/\/ekoelprom.pl\/#organization\",\"name\":\"Ekoelprom\",\"url\":\"https:\/\/ekoelprom.pl\/\",\"logo\":{\"@type\":\"ImageObject\",\"inLanguage\":\"en-US\",\"@id\":\"https:\/\/ekoelprom.pl\/#\/schema\/logo\/image\/\",\"url\":\"https:\/\/ekoelprom.pl\/wp-content\/uploads\/2022\/08\/ekoelprom_logo.png\",\"contentUrl\":\"https:\/\/ekoelprom.pl\/wp-content\/uploads\/2022\/08\/ekoelprom_logo.png\",\"width\":272,\"height\":83,\"caption\":\"Ekoelprom\"},\"image\":{\"@id\":\"https:\/\/ekoelprom.pl\/#\/schema\/logo\/image\/\"}}]}<\/script>\n<!-- \/ Yoast SEO plugin. -->","yoast_head_json":{"title":"Rozbudowa Zak\u0142adu MAN Niepo\u0142omice - EkoElprom","description":"Projekt przy\u0142aczy SN, projekt sieci energetycznych SN, nn, o\u015bwietlenia oraz stacji transformatorowych oraz przebudowa sieci telekomunikatcjnych","robots":{"index":"index","follow":"follow","max-snippet":"max-snippet:-1","max-image-preview":"max-image-preview:large","max-video-preview":"max-video-preview:-1"},"canonical":"https:\/\/ekoelprom.pl\/projekty\/rozbudowa-zakladu-man-niepolomice\/","og_locale":"en_US","og_type":"article","og_title":"Rozbudowa Zak\u0142adu MAN Niepo\u0142omice - EkoElprom","og_description":"Projekt przy\u0142aczy SN, projekt sieci energetycznych SN, nn, o\u015bwietlenia oraz stacji transformatorowych oraz przebudowa sieci telekomunikatcjnych","og_url":"https:\/\/ekoelprom.pl\/projekty\/rozbudowa-zakladu-man-niepolomice\/","og_site_name":"EkoElprom","article_modified_time":"2024-10-08T15:11:42+00:00","og_image":[{"width":925,"height":715,"url":"https:\/\/ekoelprom.pl\/wp-content\/uploads\/2022\/09\/MAN_1.jpg","type":"image\/jpeg"}],"twitter_card":"summary_large_image","twitter_misc":{"Est. reading time":"1 minute"},"schema":{"@context":"https:\/\/schema.org","@graph":[{"@type":"WebPage","@id":"https:\/\/ekoelprom.pl\/projekty\/rozbudowa-zakladu-man-niepolomice\/","url":"https:\/\/ekoelprom.pl\/projekty\/rozbudowa-zakladu-man-niepolomice\/","name":"Rozbudowa Zak\u0142adu MAN Niepo\u0142omice - EkoElprom","isPartOf":{"@id":"https:\/\/ekoelprom.pl\/#website"},"primaryImageOfPage":{"@id":"https:\/\/ekoelprom.pl\/projekty\/rozbudowa-zakladu-man-niepolomice\/#primaryimage"},"image":{"@id":"https:\/\/ekoelprom.pl\/projekty\/rozbudowa-zakladu-man-niepolomice\/#primaryimage"},"thumbnailUrl":"https:\/\/ekoelprom.pl\/wp-content\/uploads\/2022\/09\/MAN_1.jpg","datePublished":"2022-09-02T07:54:24+00:00","dateModified":"2024-10-08T15:11:42+00:00","description":"Projekt przy\u0142aczy SN, projekt sieci energetycznych SN, nn, o\u015bwietlenia oraz stacji transformatorowych oraz przebudowa sieci telekomunikatcjnych","breadcrumb":{"@id":"https:\/\/ekoelprom.pl\/projekty\/rozbudowa-zakladu-man-niepolomice\/#breadcrumb"},"inLanguage":"en-US","potentialAction":[{"@type":"ReadAction","target":["https:\/\/ekoelprom.pl\/projekty\/rozbudowa-zakladu-man-niepolomice\/"]}]},{"@type":"ImageObject","inLanguage":"en-US","@id":"https:\/\/ekoelprom.pl\/projekty\/rozbudowa-zakladu-man-niepolomice\/#primaryimage","url":"https:\/\/ekoelprom.pl\/wp-content\/uploads\/2022\/09\/MAN_1.jpg","contentUrl":"https:\/\/ekoelprom.pl\/wp-content\/uploads\/2022\/09\/MAN_1.jpg","width":925,"height":715,"caption":"zdj\u0119cie pogl\u0105dowe"},{"@type":"BreadcrumbList","@id":"https:\/\/ekoelprom.pl\/projekty\/rozbudowa-zakladu-man-niepolomice\/#breadcrumb","itemListElement":[{"@type":"ListItem","position":1,"name":"Strona g\u0142\u00f3wna","item":"https:\/\/ekoelprom.pl\/en\/"},{"@type":"ListItem","position":2,"name":"Projekty","item":"https:\/\/ekoelprom.pl\/projekty\/"},{"@type":"ListItem","position":3,"name":"Rozbudowa Zak\u0142adu MAN Niepo\u0142omice"}]},{"@type":"WebSite","@id":"https:\/\/ekoelprom.pl\/#website","url":"https:\/\/ekoelprom.pl\/","name":"EkoElprom","description":"Instalacje elektryczne, projekty niskopr\u0105dowe, serwerowni, automatyki BMS Krak\u00f3w","publisher":{"@id":"https:\/\/ekoelprom.pl\/#organization"},"potentialAction":[{"@type":"SearchAction","target":{"@type":"EntryPoint","urlTemplate":"https:\/\/ekoelprom.pl\/?s={search_term_string}"},"query-input":{"@type":"PropertyValueSpecification","valueRequired":true,"valueName":"search_term_string"}}],"inLanguage":"en-US"},{"@type":"Organization","@id":"https:\/\/ekoelprom.pl\/#organization","name":"Ekoelprom","url":"https:\/\/ekoelprom.pl\/","logo":{"@type":"ImageObject","inLanguage":"en-US","@id":"https:\/\/ekoelprom.pl\/#\/schema\/logo\/image\/","url":"https:\/\/ekoelprom.pl\/wp-content\/uploads\/2022\/08\/ekoelprom_logo.png","contentUrl":"https:\/\/ekoelprom.pl\/wp-content\/uploads\/2022\/08\/ekoelprom_logo.png","width":272,"height":83,"caption":"Ekoelprom"},"image":{"@id":"https:\/\/ekoelprom.pl\/#\/schema\/logo\/image\/"}}]}},"_links":{"self":[{"href":"https:\/\/ekoelprom.pl\/en\/wp-json\/wp\/v2\/projekty\/1415","targetHints":{"allow":["GET"]}}],"collection":[{"href":"https:\/\/ekoelprom.pl\/en\/wp-json\/wp\/v2\/projekty"}],"about":[{"href":"https:\/\/ekoelprom.pl\/en\/wp-json\/wp\/v2\/types\/projekty"}],"wp:featuredmedia":[{"embeddable":true,"href":"https:\/\/ekoelprom.pl\/en\/wp-json\/wp\/v2\/media\/1417"}],"wp:attachment":[{"href":"https:\/\/ekoelprom.pl\/en\/wp-json\/wp\/v2\/media?parent=1415"}],"wp:term":[{"taxonomy":"podgrupy-realizacji","embeddable":true,"href":"https:\/\/ekoelprom.pl\/en\/wp-json\/wp\/v2\/podgrupy-realizacji?post=1415"}],"curies":[{"name":"wp","href":"https:\/\/api.w.org\/{rel}","templated":true}]}}